{"id":6590,"date":"2024-06-28T07:49:40","date_gmt":"2024-06-28T07:49:40","guid":{"rendered":"https:\/\/institutodependencia.edu.es\/?post_type=product&#038;p=6590"},"modified":"2024-06-28T10:09:44","modified_gmt":"2024-06-28T10:09:44","slug":"manejo-de-ulceras-cutaneas-cronicas-en-la-practica-clinica","status":"publish","type":"product","link":"https:\/\/institutodependencia.edu.es\/pt_br\/product\/manejo-de-ulceras-cutaneas-cronicas-en-la-practica-clinica\/","title":{"rendered":"Manejo de \u00falceras cut\u00e2neas cr\u00f4nicas na pr\u00e1tica cl\u00ednica"},"content":{"rendered":"<p>Una \u00falcera cut\u00e1nea cr\u00f3nica es una herida que para su cicatrizaci\u00f3n requiere de un periodo de tiempo superior a 6 semanas, y lo hace a trav\u00e9s de un proceso complejo en el que se elimina y reemplaza el tejido da\u00f1ado. Normalmente lo hace mediante un proceso de cicatrizaci\u00f3n por segunda intenci\u00f3n y el resultado est\u00e9tico es una cicatriz de gran tama\u00f1o con un recubrimiento fr\u00e1gil y sensible.<br \/>\nLas \u00falceras cut\u00e1neas cr\u00f3nicas suponen un importante problema de salud con importantes repercusiones para la calidad de vida de pacientes y de sus familiares y cuidadores. Tambi\u00e9n requieren de un esfuerzo muy importante en la movilizaci\u00f3n de recursos humanos y econ\u00f3micos de los sistemas de salud.<br \/>\nPara el profesional de enfermer\u00eda suponen un reto debido a la complejidad del diagn\u00f3stico y el tratamiento, a la cantidad de productos disponibles en el mercado para el tratamiento de las mismas y debido, tambi\u00e9n, a la falta de preparaci\u00f3n y experiencia en el cuidado de las mismas.<br \/>\nCon este curso se pretende realizar un acercamiento al concepto y principios del tratamiento de las UCC y abordar de forma integral la Atenci\u00f3n al Paciente que sufre una \u00falcera cut\u00e1nea cr\u00f3nica. El cuidado no debe centrarse exclusivamente en la \u00falcera, debe abordar todos los aspectos de atenci\u00f3n al paciente, la valoraci\u00f3n integral del paciente, el control de la causa que produce la \u00falcera, los cuidados generales del paciente y los cuidados locales de la \u00falcera. Los cuidados locales se basan en los principios de la \u201ccura en ambiente h\u00famedo\u201d, abordando el tratamiento local de la herida desde un esquema estructurado que nos permite tomar decisiones sobre el tratamiento de la \u00falcera sin basarnos en pr\u00e1cticas tradicionales, muchas de las cuales resultan inadecuadas e incluso perjudiciales.<br \/>\nEn la segunda parte del curso abordaremos los aspectos fundamentales de las \u00falceras m\u00e1s comunes: las \u00falceras por presi\u00f3n y las \u00falceras de la extremidad inferior: \u00falceras venosas, \u00falceras arteriales y \u00falceras del pie diab\u00e9tico. Finalmente, se describen otras \u00falceras cut\u00e1neas menos frecuentes.<\/p>","protected":false},"excerpt":{"rendered":"<p>Este curso aborda o tratamento de \u00falceras cut\u00e2neas cr\u00f4nicas, feridas que demoram mais de 6 semanas para cicatrizar e que apresentam um desafio significativo \u00e0 qualidade de vida dos pacientes e de seus cuidadores. Centra-se em fornecer uma abordagem abrangente que inclui avalia\u00e7\u00e3o do paciente, controle da causa da \u00falcera e cuidados gerais e locais baseados no princ\u00edpio da \u201ccura \u00famida\u201d. Tamb\u00e9m se concentra nas \u00falceras mais comuns, como as \u00falceras de press\u00e3o e as dos membros inferiores (\u00falceras venosas, arteriais e do p\u00e9 diab\u00e9tico), bem como outras \u00falceras menos comuns.<\/p>","protected":false},"featured_media":6606,"comment_status":"open","ping_status":"closed","template":"","meta":{"_jf_limit_responses":"","codigo-producto":"2048-A","costo-gestion":"13.61"},"product_brand":[],"product_cat":[15],"product_tag":[],"class_list":{"0":"post-6590","1":"product","2":"type-product","3":"status-publish","4":"has-post-thumbnail","6":"product_cat-uncategorized","8":"first","9":"instock","10":"shipping-taxable","11":"purchasable","12":"product-type-simple"},"_links":{"self":[{"href":"https:\/\/institutodependencia.edu.es\/pt_br\/wp-json\/wp\/v2\/product\/6590","targetHints":{"allow":["GET"]}}],"collection":[{"href":"https:\/\/institutodependencia.edu.es\/pt_br\/wp-json\/wp\/v2\/product"}],"about":[{"href":"https:\/\/institutodependencia.edu.es\/pt_br\/wp-json\/wp\/v2\/types\/product"}],"replies":[{"embeddable":true,"href":"https:\/\/institutodependencia.edu.es\/pt_br\/wp-json\/wp\/v2\/comments?post=6590"}],"version-history":[{"count":4,"href":"https:\/\/institutodependencia.edu.es\/pt_br\/wp-json\/wp\/v2\/product\/6590\/revisions"}],"predecessor-version":[{"id":6607,"href":"https:\/\/institutodependencia.edu.es\/pt_br\/wp-json\/wp\/v2\/product\/6590\/revisions\/6607"}],"wp:featuredmedia":[{"embeddable":true,"href":"https:\/\/institutodependencia.edu.es\/pt_br\/wp-json\/wp\/v2\/media\/6606"}],"wp:attachment":[{"href":"https:\/\/institutodependencia.edu.es\/pt_br\/wp-json\/wp\/v2\/media?parent=6590"}],"wp:term":[{"taxonomy":"product_brand","embeddable":true,"href":"https:\/\/institutodependencia.edu.es\/pt_br\/wp-json\/wp\/v2\/product_brand?post=6590"},{"taxonomy":"product_cat","embeddable":true,"href":"https:\/\/institutodependencia.edu.es\/pt_br\/wp-json\/wp\/v2\/product_cat?post=6590"},{"taxonomy":"product_tag","embeddable":true,"href":"https:\/\/institutodependencia.edu.es\/pt_br\/wp-json\/wp\/v2\/product_tag?post=6590"}],"curies":[{"name":"wp","href":"https:\/\/api.w.org\/{rel}","templated":true}]}}