{"id":964,"date":"2024-02-16T17:53:50","date_gmt":"2024-02-16T17:53:50","guid":{"rendered":"https:\/\/institutodependencia.edu.es\/?page_id=964"},"modified":"2024-04-18T18:47:34","modified_gmt":"2024-04-18T18:47:34","slug":"aviso-legal","status":"publish","type":"page","link":"https:\/\/institutodependencia.edu.es\/pt\/aviso-legal\/","title":{"rendered":"Aviso Legal"},"content":{"rendered":"<div data-elementor-type=\"wp-page\" data-elementor-id=\"964\" class=\"elementor elementor-964\" data-elementor-post-type=\"page\">\n\t\t\t\t<div class=\"elementor-element elementor-element-de97b35 e-flex e-con-boxed e-con e-parent\" data-id=\"de97b35\" data-element_type=\"container\" data-e-type=\"container\">\n\t\t\t\t\t<div class=\"e-con-inner\">\n\t\t\t\t<div class=\"elementor-element elementor-element-f405cf0 elementor-widget-divider--view-line elementor-widget elementor-widget-divider\" data-id=\"f405cf0\" data-element_type=\"widget\" data-e-type=\"widget\" data-widget_type=\"divider.default\">\n\t\t\t\t<div class=\"elementor-widget-container\">\n\t\t\t\t\t\t\t<div class=\"elementor-divider\">\n\t\t\t<span class=\"elementor-divider-separator\">\n\t\t\t\t\t\t<\/span>\n\t\t<\/div>\n\t\t\t\t\t\t<\/div>\n\t\t\t\t<\/div>\n\t\t\t\t<div class=\"elementor-element elementor-element-42345e6 elementor-widget elementor-widget-text-editor\" data-id=\"42345e6\" data-element_type=\"widget\" data-e-type=\"widget\" data-widget_type=\"text-editor.default\">\n\t\t\t\t<div class=\"elementor-widget-container\">\n\t\t\t\t\t\t\t\t\t<div class=\"panel-heading\"><table><tbody><tr><td><p><b><i>1.-<\/i><\/b><\/p><\/td><td><p><b>Respons\u00e1vel pelo tratamento:<\/b><\/p><\/td><td><p><b>ATEN\u00c7\u00c3O INTEGRAL \u00c0 FORMA\u00c7\u00c3O, SL <\/b><b>(doravante Instituto da Depend\u00eancia)<\/b><\/p><\/td><td><p><span style=\"font-weight: 400;\">Expanda as informa\u00e7\u00f5es.<\/span><\/p><\/td><\/tr><tr><td><p><b><i>2.-<\/i><\/b><\/p><\/td><td><p><b>Tipo de dados pessoais que tratamos e com que finalidade:<\/b><\/p><\/td><td><p><span style=\"font-weight: 400;\">Dados de contacto, dados identificativos de clientes, estudantes, fornecedores e dos nossos pr\u00f3prios colaboradores e outros necess\u00e1rios \u00e0s finalidades exigidas como responder \u00e0s informa\u00e7\u00f5es solicitadas atrav\u00e9s do nosso site. <\/span><a href=\"https:\/\/institutodependencia.edu.es\/pt\/\" target=\"_blank\" rel=\"noopener noreferrer nofollow\"><span style=\"font-weight: 400;\">https:\/\/www.institutodependencia.edu.es<\/span><\/a> <span style=\"font-weight: 400;\">e outros meios, gerir a presta\u00e7\u00e3o dos nossos servi\u00e7os e ministrar os nossos cursos, bem como a gest\u00e3o comercial e administrativa da nossa empresa.<\/span><\/p><\/td><td><p><a href=\"https:\/\/institutodependencia.edu.es\/pt\/politica-de-privacidad\/#2\"><span style=\"font-weight: 400;\">Expanda as informa\u00e7\u00f5es.<\/span><\/a><\/p><\/td><\/tr><tr><td><p><b><i>3.-<\/i><\/b><\/p><\/td><td><p><b>Legitima\u00e7\u00e3o do tratamento:<\/b><\/p><\/td><td><p><span style=\"font-weight: 400;\">Consentimento do interessado, cumprimento das obriga\u00e7\u00f5es legais, execu\u00e7\u00e3o dos contratos gerados entre o INSTITUTO DE LA DEPENDENCIA e seus clientes, estudantes, trabalhadores ou terceiros e, se for o caso, os interesses leg\u00edtimos do INSTITUTO DE LA DEPENDENCIA.<\/span><\/p><\/td><td><p><a href=\"https:\/\/institutodependencia.edu.es\/pt\/politica-de-privacidad\/#3\"><span style=\"font-weight: 400;\">Expanda as informa\u00e7\u00f5es.<\/span><\/a><\/p><\/td><\/tr><tr><td><p><b><i>4.-<\/i><\/b><\/p><\/td><td><p><b>Per\u00edodo de conserva\u00e7\u00e3o:<\/b><\/p><\/td><td><p><span style=\"font-weight: 400;\">Enquanto durar a legitima\u00e7\u00e3o por consentimento, perdura a rela\u00e7\u00e3o contratual, obriga\u00e7\u00e3o legal ou interesse leg\u00edtimo.<\/span><\/p><\/td><td><p><a href=\"https:\/\/institutodependencia.edu.es\/pt\/politica-de-privacidad\/#4\"><span style=\"font-weight: 400;\">Expanda as informa\u00e7\u00f5es.<\/span><\/a><\/p><\/td><\/tr><tr><td><p><b><i>5.-<\/i><\/b><\/p><\/td><td><p><b>Destinat\u00e1rios:\u00a0<\/b><\/p><\/td><td><p><span style=\"font-weight: 400;\">Os dados que voc\u00ea nos fornece<\/span> <span style=\"font-weight: 400;\">Ser\u00e3o incorporados \u00e0 base de dados do INSTITUTO DE LA DEPENDENCIA e poder\u00e3o ser compartilhados, por motivos operacionais, com as demais empresas do Grupo. N\u00e3o ser\u00e3o transferidos a terceiros, exceto aqueles que necessariamente devam intervir para a gest\u00e3o dos nossos cursos ou a presta\u00e7\u00e3o dos nossos servi\u00e7os, bem como para o cumprimento das obriga\u00e7\u00f5es legais que nos correspondem.<\/span><\/p><\/td><td><p><a href=\"https:\/\/institutodependencia.edu.es\/pt\/politica-de-privacidad\/#5\"><span style=\"font-weight: 400;\">Expanda as informa\u00e7\u00f5es.<\/span><\/a><\/p><\/td><\/tr><tr><td><p><b><i>6.-<\/i><\/b><\/p><\/td><td><p><b>Exerc\u00edcio de direitos:<\/b><\/p><\/td><td><p><span style=\"font-weight: 400;\">Aceder, retificar e eliminar os seus dados, bem como os demais direitos previstos na regulamenta\u00e7\u00e3o em vigor.<\/span><\/p><\/td><td><p><a href=\"https:\/\/institutodependencia.edu.es\/pt\/politica-de-privacidad\/#6\"><span style=\"font-weight: 400;\">Expanda as informa\u00e7\u00f5es.<\/span><\/a><\/p><\/td><\/tr><tr><td><p><b><i>7.-<\/i><\/b><\/p><\/td><td><p><b>Reivindica\u00e7\u00e3o perante a Autoridade de Controle:<\/b><\/p><\/td><td><p><span style=\"font-weight: 400;\">Voc\u00ea pode encaminhar reclama\u00e7\u00f5es decorrentes do processamento de seus dados pessoais \u00e0 Ag\u00eancia Espanhola de Prote\u00e7\u00e3o de Dados (<\/span><a href=\"http:\/\/www.aepd.es\" target=\"_blank\" rel=\"noopener noreferrer nofollow\"><span style=\"font-weight: 400;\">www.aepd.es<\/span><\/a><span style=\"font-weight: 400;\">)<\/span><\/p><\/td><td><p><a href=\"https:\/\/institutodependencia.edu.es\/pt\/politica-de-privacidad\/#7\"><span style=\"font-weight: 400;\">Expanda as informa\u00e7\u00f5es.<\/span><\/a><\/p><\/td><\/tr><tr><td><p><b><i>8.-<\/i><\/b><\/p><\/td><td><p><b>Legisla\u00e7\u00e3o e jurisdi\u00e7\u00e3o<\/b><\/p><\/td><td><p><span style=\"font-weight: 400;\">Esta pol\u00edtica de privacidade \u00e9 regida em todos e cada um dos seus extremos pelo Regulamento Geral de Prote\u00e7\u00e3o de Dados da Uni\u00e3o Europeia e outros regulamentos espanh\u00f3is relacionados.<\/span><\/p><\/td><td><p><a href=\"https:\/\/institutodependencia.edu.es\/pt\/politica-de-privacidad\/#8\"><span style=\"font-weight: 400;\">Expanda as informa\u00e7\u00f5es.<\/span><\/a><\/p><\/td><\/tr><tr><td><p><b><i>9.-<\/i><\/b><\/p><\/td><td><p><b>Informa\u00e7\u00e3o adicional<\/b><\/p><\/td><td><p><span style=\"font-weight: 400;\">Informa\u00e7\u00f5es adicionais sobre seguran\u00e7a e outros aspectos<\/span><\/p><\/td><td><p><a href=\"https:\/\/institutodependencia.edu.es\/pt\/politica-de-privacidad\/#9\"><span style=\"font-weight: 400;\">Expanda as informa\u00e7\u00f5es.<\/span><\/a><\/p><\/td><\/tr><tr><td><p><b><i>10.-<\/i><\/b><\/p><\/td><td><p><b>Atualizar:<\/b><\/p><\/td><td><p><span style=\"font-weight: 400;\">Fevereiro de 2024<\/span><\/p><\/td><td><p><a href=\"https:\/\/institutodependencia.edu.es\/pt\/politica-de-privacidad\/#10\"><span style=\"font-weight: 400;\">Expanda as informa\u00e7\u00f5es.<\/span><\/a><\/p><\/td><\/tr><\/tbody><\/table><h4 class=\"panel-title toggle fusion-responsive-typography-calculated\" data-fontsize=\"16\" data-lineheight=\"22.08px\">\u00a0<\/h4><\/div>\t\t\t\t\t\t\t\t<\/div>\n\t\t\t\t<\/div>\n\t\t\t\t\t<\/div>\n\t\t\t\t<\/div>\n\t\t\t\t<\/div>","protected":false},"excerpt":{"rendered":"<p>1.- Responsable del tratamiento: ATENCI\u00d3N INTEGRAL A LA FORMACI\u00d3N, SL (en adelante Instituto de la Dependencia) Ampliar info. 2.- Tipo de datos personales que tratamos y con qu\u00e9 finalidad: Datos de contacto, datos identificativos de clientes, alumnos, proveedores y nuestros propios empleados y otros necesarios para las finalidades requeridas como dar respuesta a la informaci\u00f3n [&hellip;]<\/p>\n","protected":false},"author":2,"featured_media":0,"parent":0,"menu_order":0,"comment_status":"closed","ping_status":"closed","template":"","meta":{"_jf_limit_responses":"","footnotes":""},"class_list":["post-964","page","type-page","status-publish","hentry"],"_links":{"self":[{"href":"https:\/\/institutodependencia.edu.es\/pt\/wp-json\/wp\/v2\/pages\/964","targetHints":{"allow":["GET"]}}],"collection":[{"href":"https:\/\/institutodependencia.edu.es\/pt\/wp-json\/wp\/v2\/pages"}],"about":[{"href":"https:\/\/institutodependencia.edu.es\/pt\/wp-json\/wp\/v2\/types\/page"}],"author":[{"embeddable":true,"href":"https:\/\/institutodependencia.edu.es\/pt\/wp-json\/wp\/v2\/users\/2"}],"replies":[{"embeddable":true,"href":"https:\/\/institutodependencia.edu.es\/pt\/wp-json\/wp\/v2\/comments?post=964"}],"version-history":[{"count":10,"href":"https:\/\/institutodependencia.edu.es\/pt\/wp-json\/wp\/v2\/pages\/964\/revisions"}],"predecessor-version":[{"id":5527,"href":"https:\/\/institutodependencia.edu.es\/pt\/wp-json\/wp\/v2\/pages\/964\/revisions\/5527"}],"wp:attachment":[{"href":"https:\/\/institutodependencia.edu.es\/pt\/wp-json\/wp\/v2\/media?parent=964"}],"curies":[{"name":"wp","href":"https:\/\/api.w.org\/{rel}","templated":true}]}}