{"id":5508,"date":"2024-04-18T18:31:40","date_gmt":"2024-04-18T18:31:40","guid":{"rendered":"https:\/\/institutodependencia.edu.es\/?page_id=5508"},"modified":"2024-07-12T10:55:15","modified_gmt":"2024-07-12T10:55:15","slug":"politica-de-privacidad","status":"publish","type":"page","link":"https:\/\/institutodependencia.edu.es\/pt\/politica-de-privacidad\/","title":{"rendered":"Pol\u00edtica de privacidade"},"content":{"rendered":"<div data-elementor-type=\"wp-page\" data-elementor-id=\"5508\" class=\"elementor elementor-5508\" data-elementor-post-type=\"page\">\n\t\t\t\t<div class=\"elementor-element elementor-element-3188304d e-flex e-con-boxed e-con e-parent\" data-id=\"3188304d\" data-element_type=\"container\" data-e-type=\"container\">\n\t\t\t\t\t<div class=\"e-con-inner\">\n\t\t\t\t<div class=\"elementor-element elementor-element-2c1a80f elementor-widget-divider--view-line elementor-widget elementor-widget-divider\" data-id=\"2c1a80f\" data-element_type=\"widget\" data-e-type=\"widget\" data-widget_type=\"divider.default\">\n\t\t\t\t<div class=\"elementor-widget-container\">\n\t\t\t\t\t\t\t<div class=\"elementor-divider\">\n\t\t\t<span class=\"elementor-divider-separator\">\n\t\t\t\t\t\t<\/span>\n\t\t<\/div>\n\t\t\t\t\t\t<\/div>\n\t\t\t\t<\/div>\n\t\t\t\t<div class=\"elementor-element elementor-element-1bb7d25c elementor-widget elementor-widget-text-editor\" data-id=\"1bb7d25c\" data-element_type=\"widget\" data-e-type=\"widget\" id=\"1\" data-widget_type=\"text-editor.default\">\n\t\t\t\t<div class=\"elementor-widget-container\">\n\t\t\t\t\t\t\t\t\t<p><\/p>\n<p id=\"Responsable-del-tratamiento\"><b style=\"background-color: transparent; text-align: var(--text-align); color: var( --e-global-color-primary );\">1- QUEM \u00c9 O RESPONS\u00c1VEL PELO TRATAMENTO DOS SEUS DADOS PESSOAIS?<\/b><\/p>\n<p>\u00a0<\/p>\n<p><span style=\"font-weight: 400;\">O respons\u00e1vel pelo tratamento dos seus dados pessoais e propriet\u00e1rio do site <\/span><a href=\"https:\/\/institutodependencia.edu.es\/pt\/\" target=\"_blank\" rel=\"noopener noreferrer nofollow\"><span style=\"font-weight: 400;\">https:\/\/www.institutodependencia.edu.es<\/span><\/a> <span style=\"font-weight: 400;\">\u00a0<\/span><span style=\"font-weight: 400;\">\u00e9 ATEN\u00c7\u00c3O INTEGRAL AO TREINAMENTO SL. Sociedade comercial com sede em C\/ Ferrer del R\u00edo, n\u00ba33 \u2013 28028 Madrid e com CIF B63768279, inscrita no Registo Comercial de Barcelona. <\/span><span style=\"font-weight: 400;\">N\u00famero: 530897. T 39960, F 82, S 8, HM 709754, I\/A 2 <\/span><span style=\"font-weight: 400;\">(doravante INSTITUTO DE DEPEND\u00caNCIA)<\/span><\/p>\n<p>FORO T\u00c9CNICO DE FORMA\u00c7\u00c3O, SL com CIF B62269303<br \/>F\u00d3RUM T\u00c9CNICO DE FORMA\u00c7\u00c3O MADRID, SL com CIF B64226178<br \/>ATEN\u00c7\u00c3O INTEGRAL A LA FORMACION, SL com CIF B63768279<br \/>INSTITUTO LECO DE FORMA\u00c7\u00c3O, SL com CIF B64483274<br \/>Sociedades Comerciais com domic\u00edlio localizado em C\/ Sabino de Arana 10-12, 1\u00ba1\u00aa \u2013 08028 Barcelona,<br \/>Tel.: +34 902602094<\/p>\n<p><span style=\"font-weight: 400;\">O INSTITUTO DE LA DEPENDENCIA tomou as medidas t\u00e9cnicas e organizacionais necess\u00e1rias para cumprir as normas de prote\u00e7\u00e3o de dados em rela\u00e7\u00e3o aos dados pessoais que trata.<\/span><\/p>\n<p><span style=\"font-weight: 400;\">Os dados de contato do INSTITUTO DE LA DEPENDENCIA em rela\u00e7\u00e3o \u00e0 prote\u00e7\u00e3o de dados s\u00e3o:<\/span><\/p>\n<table>\n<tbody>\n<tr>\n<td>\u00a0<\/td>\n<td>\n<p><span style=\"font-weight: 400;\">+34 915 30 61 38<\/span><\/p>\n<\/td>\n<\/tr>\n<tr>\n<td>\u00a0<\/td>\n<td>\u00a0<\/td>\n<\/tr>\n<tr>\n<td>\u00a0<\/td>\n<td>\n<p><span style=\"font-weight: 400;\"><br \/><\/span><a href=\"mailto:privacidad@forotf.com\"><span style=\"font-weight: 400;\">privacidad@forotf.com<\/span><\/a><span style=\"font-weight: 400;\">\u00a0\u00a0\u00a0\u00a0<\/span><\/p>\n<\/td>\n<\/tr>\n<\/tbody>\n<\/table>\n<p><span style=\"background-color: transparent; text-align: var(--text-align); color: var( --e-global-color-primary );\">\u00a0<\/span><\/p>\n<p><\/p>\t\t\t\t\t\t\t\t<\/div>\n\t\t\t\t<\/div>\n\t\t\t\t<div class=\"elementor-element elementor-element-b92e8d7 elementor-widget elementor-widget-text-editor\" data-id=\"b92e8d7\" data-element_type=\"widget\" data-e-type=\"widget\" id=\"2\" data-widget_type=\"text-editor.default\">\n\t\t\t\t<div class=\"elementor-widget-container\">\n\t\t\t\t\t\t\t\t\t<p><\/p>\n<p><b>2- QUE TIPO DE DADOS PESSOAIS TRATAMOS E PARA QUE FINALIDADE?\u00a0<\/b><\/p>\n<p><span style=\"font-weight: 400;\">Os dados que recolhemos, a forma como os obtemos e a finalidade do tratamento s\u00e3o os seguintes:<\/span><\/p>\n<ol>\n<li style=\"font-weight: 400;\" aria-level=\"1\"><b>Formul\u00e1rios de contacto e\/ou pedido de informa\u00e7\u00f5es:<\/b>\n<ul>\n<li style=\"font-weight: 400;\" aria-level=\"2\"><span style=\"font-weight: 400;\">Informa\u00e7\u00f5es necess\u00e1rias: nome, email, telefone<\/span><\/li>\n<li style=\"font-weight: 400;\" aria-level=\"2\"><span style=\"font-weight: 400;\">Finalidade: responder \u00e0s d\u00favidas e\/ou fornecer informa\u00e7\u00f5es solicitadas pelo Usu\u00e1rio.\u00a0<\/span><\/li>\n<li style=\"font-weight: 400;\" aria-level=\"2\"><span style=\"font-weight: 400;\">Legitima\u00e7\u00e3o: consentimento do usu\u00e1rio<\/span><\/li>\n<\/ul>\n<\/li>\n<li style=\"font-weight: 400;\" aria-level=\"1\"><b>Alunos fazendo um curso<\/b><span style=\"font-weight: 400;\">:<\/span>\n<ul>\n<li style=\"font-weight: 400;\" aria-level=\"2\"><span style=\"font-weight: 400;\">Dados obrigat\u00f3rios: nome e sobrenome, email<\/span><\/li>\n<li style=\"font-weight: 400;\" aria-level=\"2\"><span style=\"font-weight: 400;\">Objetivo: gerenciamento de curso<\/span><\/li>\n<li style=\"font-weight: 400;\" aria-level=\"2\"><span style=\"font-weight: 400;\">Legitima\u00e7\u00e3o: consentimento do usu\u00e1rio<\/span><\/li>\n<\/ul>\n<\/li>\n<\/ol>\n<ul>\n<li aria-level=\"1\"><b>Professores<\/b><\/li>\n<\/ul>\n<ul>\n<li style=\"font-weight: 400;\" aria-level=\"3\"><span style=\"font-weight: 400;\">Dados obrigat\u00f3rios: nome e apelido, email, CV<\/span><\/li>\n<li style=\"font-weight: 400;\" aria-level=\"3\"><span style=\"font-weight: 400;\">Objetivo: certifica\u00e7\u00e3o e contrata\u00e7\u00e3o<\/span><\/li>\n<li style=\"font-weight: 400;\" aria-level=\"3\"><span style=\"font-weight: 400;\">Legitima\u00e7\u00e3o: consentimento do interessado. Rela\u00e7\u00e3o contratual<\/span><\/li>\n<\/ul>\n<ul>\n<li aria-level=\"1\"><b>Fornecedores\u00a0\u00a0<\/b><\/li>\n<\/ul>\n<ul>\n<li style=\"font-weight: 400;\" aria-level=\"3\"><span style=\"font-weight: 400;\">Dados obrigat\u00f3rios: nome e sobrenome, email<\/span><\/li>\n<li style=\"font-weight: 400;\" aria-level=\"3\"><span style=\"font-weight: 400;\">Objetivo: recrutamento<\/span><\/li>\n<li style=\"font-weight: 400;\" aria-level=\"3\"><span style=\"font-weight: 400;\">Legitima\u00e7\u00e3o: Rela\u00e7\u00e3o contratual<\/span><\/li>\n<\/ul>\n<ul>\n<li aria-level=\"1\"><b>\u00a0Funcion\u00e1rios\u00a0<\/b><\/li>\n<\/ul>\n<ul>\n<li style=\"font-weight: 400;\" aria-level=\"3\"><span style=\"font-weight: 400;\">Dados obrigat\u00f3rios: nome e sobrenome, email, endere\u00e7o, n\u00famero SS, CV.<\/span><\/li>\n<li style=\"font-weight: 400;\" aria-level=\"3\"><span style=\"font-weight: 400;\">Objetivo: contrata\u00e7\u00e3o e gest\u00e3o de RH da empresa<\/span><\/li>\n<li style=\"font-weight: 400;\" aria-level=\"3\"><span style=\"font-weight: 400;\">Legitima\u00e7\u00e3o: Rela\u00e7\u00e3o contratual<\/span><\/li>\n<\/ul>\n<ol>\n<li style=\"font-weight: 400;\" aria-level=\"1\"><b>Realizar a rela\u00e7\u00e3o contratual e os procedimentos administrativos, fiscais e cont\u00e1beis <\/b><span style=\"font-weight: 400;\">an\u00e1logas e que s\u00e3o necess\u00e1rias ao abrigo da legisla\u00e7\u00e3o em vigor<\/span>\n<ul>\n<li style=\"font-weight: 400;\" aria-level=\"2\"><span style=\"font-weight: 400;\">Dados necess\u00e1rios: nome e sobrenome, telefone, endere\u00e7o, RG, e-mail, assinatura<\/span><\/li>\n<li style=\"font-weight: 400;\" aria-level=\"2\"><span style=\"font-weight: 400;\">Finalidade: realizar a gest\u00e3o comercial fiscal e administrativa interna\u00a0<\/span><\/li>\n<li style=\"font-weight: 400;\" aria-level=\"2\"><span style=\"font-weight: 400;\">Legitima\u00e7\u00e3o: Consentimento do interessado e rela\u00e7\u00e3o contratual<\/span><\/li>\n<\/ul>\n<\/li>\n<\/ol>\n<p><span style=\"font-weight: 400;\">1-Tipos de dados pessoais que tratamos<\/span><\/p>\n<p><span style=\"font-weight: 400;\">Por raz\u00f5es de confidencialidade, recolhemos o m\u00ednimo de dados poss\u00edvel das pessoas com quem lidamos, especialmente dos nossos clientes, para al\u00e9m daqueles que nos fornecem voluntariamente ou daqueles que a Lei nos obriga a recolher e reter.<\/span><\/p>\n<p><span style=\"font-weight: 400;\">Podemos coletar e processar as seguintes categorias de dados pessoais:<\/span><\/p>\n<ol>\n<li><span style=\"font-weight: 400;\"> Em rela\u00e7\u00e3o aos nossos clientes, nome, cargo, sexo, n\u00famero de identifica\u00e7\u00e3o do interessado ou do seu representante, dados de pagamento. Dados da seguran\u00e7a social para processar b\u00f4nus.<\/span><\/li>\n<li><span style=\"font-weight: 400;\"> Seus dados de contato, n\u00famero de telefone, seu endere\u00e7o de e-mail.<\/span><\/li>\n<li><span style=\"font-weight: 400;\"> No caso dos nossos colaboradores, dados de identifica\u00e7\u00e3o, dados de seguran\u00e7a social, dados banc\u00e1rios e tudo o que for necess\u00e1rio ao desenvolvimento da rela\u00e7\u00e3o laboral.<\/span><\/li>\n<li><span style=\"font-weight: 400;\"> Dados sobre nossos alunos, dados de contato, e-mail e dados de notas dos cursos realizados.<\/span><\/li>\n<li><span style=\"font-weight: 400;\"> Dados de identifica\u00e7\u00e3o dos nossos fornecedores e das suas pessoas de contacto, caso sejam empresas.<\/span><\/li>\n<li><span style=\"font-weight: 400;\"> Imagens captadas nos cursos ou eventos que realizamos nos nossos estabelecimentos, se aplic\u00e1vel.<\/span><\/li>\n<li><span style=\"font-weight: 400;\"> Informa\u00e7\u00f5es coletadas quando voc\u00ea usa nosso site e outras m\u00eddias digitais, quando aplic\u00e1vel.<\/span><\/li>\n<\/ol>\n<p><span style=\"font-weight: 400;\">Quando voc\u00ea usa nosso site, podemos registrar seu endere\u00e7o IP, tipo de navegador, sistema operacional, site de refer\u00eancia e comportamento de navega\u00e7\u00e3o na web.<\/span><\/p>\n<p>\u00a0<\/p>\n<p><span style=\"font-weight: 400;\">2-Os seus dados pessoais ser\u00e3o utilizados apenas para as seguintes finalidades:<\/span><\/p>\n<ol>\n<li><span style=\"font-weight: 400;\"> Cadastre voc\u00ea em nosso banco de dados caso entre em contato conosco para solicitar informa\u00e7\u00f5es ou se realizar algum curso.<\/span><\/li>\n<li><span style=\"font-weight: 400;\"> Realizar os tr\u00e2mites comerciais e administrativos necess\u00e1rios junto aos usu\u00e1rios do nosso site e aos nossos clientes e alunos.<\/span><\/li>\n<li><span style=\"font-weight: 400;\"> No INSTITUTO DE LA DEPENDENCIA tratamos a informa\u00e7\u00e3o que nos fornece para responder ao pedido de informa\u00e7\u00e3o que nos envia, fornecer-lhe informa\u00e7\u00e3o sobre os nossos cursos ou servi\u00e7os, gerir interna e externamente os seus cursos ou a presta\u00e7\u00e3o dos nossos servi\u00e7os , bem como as compras que realizamos aos nossos fornecedores, bem como o cumprimento das obriga\u00e7\u00f5es legais decorrentes de tais atividades.\u00a0<\/span><\/li>\n<li><span style=\"font-weight: 400;\"> Comunicar com voc\u00ea para responder \u00e0s suas d\u00favidas e processar suas reclama\u00e7\u00f5es ou<\/span> <span style=\"font-weight: 400;\">obter a sua opini\u00e3o sobre a qualidade dos nossos cursos ou dos nossos servi\u00e7os ou do tratamento recebido.\u00a0<\/span><\/li>\n<li><span style=\"font-weight: 400;\"> Gravar as imagens captadas nos eventos em que participa e a sua utiliza\u00e7\u00e3o para fins publicit\u00e1rios ou de divulga\u00e7\u00e3o junto dos nossos clientes.<\/span><\/li>\n<li><span style=\"font-weight: 400;\"> Da mesma forma, os dados que possam ser recolhidos durante a sua navega\u00e7\u00e3o ser\u00e3o tratados com o objetivo de fornecer acesso ao conte\u00fado online do site, bem como responder \u00e0s solicita\u00e7\u00f5es dos utilizadores do site, mantendo um registo estat\u00edstico das visitas (endere\u00e7os IP, navegador dados, pa\u00eds, p\u00e1gina acedida, etc.) para nos ajudar a desenvolver melhores servi\u00e7os e produtos, otimizar a nossa oferta e prestar um servi\u00e7o ao cliente mais eficaz e melhorar o design e o conte\u00fado dos nossos websites.<\/span><\/li>\n<li><span style=\"font-weight: 400;\"> Os dados dos nossos clientes e fornecedores ser\u00e3o tratados, no \u00e2mbito da rela\u00e7\u00e3o contratual que os vincula connosco, no cumprimento das obriga\u00e7\u00f5es administrativas, fiscais, contabil\u00edsticas e, se for caso disso, no cumprimento da legisla\u00e7\u00e3o de seguran\u00e7a do cidad\u00e3o.<\/span><\/li>\n<\/ol>\n<p><span style=\"font-weight: 400;\">De acordo com a LSSICE, informamos que o INSTITUTO DE LA DEPENDENCIA n\u00e3o pratica SPAM, portanto, n\u00e3o envia e-mails comerciais por e-mail se n\u00e3o tiver a legitimidade necess\u00e1ria. Em qualquer caso, ter\u00e1 sempre a possibilidade de retirar o seu consentimento para receber as nossas comunica\u00e7\u00f5es.<\/span><\/p>\n<p><span style=\"font-weight: 400;\">N\u00e3o processaremos seus dados pessoais para nenhuma outra finalidade que n\u00e3o as descritas nesta Pol\u00edtica, salvo obriga\u00e7\u00e3o legal ou exig\u00eancia judicial.<\/span><\/p>\n<p><span style=\"font-weight: 400;\">Os seus dados pessoais n\u00e3o ser\u00e3o sujeitos a decis\u00f5es baseadas em tratamentos automatizados que produzam efeitos sobre si.<\/span><\/p>\n<p>\u00a0<\/p>\n<p><\/p>\t\t\t\t\t\t\t\t<\/div>\n\t\t\t\t<\/div>\n\t\t\t\t<div class=\"elementor-element elementor-element-2c334ad elementor-widget elementor-widget-text-editor\" data-id=\"2c334ad\" data-element_type=\"widget\" data-e-type=\"widget\" id=\"3\" data-widget_type=\"text-editor.default\">\n\t\t\t\t<div class=\"elementor-widget-container\">\n\t\t\t\t\t\t\t\t\t<p><\/p>\n<p><b>3- QUAL A BASE JUR\u00cdDICA QUE LEGITIMA O TRATAMENTO DOS SEUS DADOS?<\/b><\/p>\n<p>\u00a0<\/p>\n<p><span style=\"font-weight: 400;\">A base legal que legitima o tratamento dos seus dados pessoais \u00e9 o seu consentimento expresso concedido para a realiza\u00e7\u00e3o das finalidades acima descritas, o qual ser\u00e1 solicitado no momento em que nos solicitar informa\u00e7\u00f5es.<\/span><\/p>\n<p><span style=\"font-weight: 400;\">Caso surja uma rela\u00e7\u00e3o comercial entre voc\u00ea, seja como cliente, estudante, fornecedor ou funcion\u00e1rio, e o INSTITUTO DE LA DEPENDENCIA, a base jur\u00eddica que legitimar\u00e1 o tratamento dos seus dados pessoais ser\u00e1 a execu\u00e7\u00e3o da rela\u00e7\u00e3o contratual que ir\u00e1 foram geradas, bem como, se for caso disso, o cumprimento das correspondentes obriga\u00e7\u00f5es legais e necessidades de informa\u00e7\u00e3o.<\/span><\/p>\n<p><span style=\"font-weight: 400;\">A base legal que legitima o tratamento das imagens captadas durante os nossos eventos e dos quais voc\u00ea participa ser\u00e1 o nosso interesse leg\u00edtimo e o seu consentimento expresso para public\u00e1-lo.<\/span><\/p>\n<p><span style=\"font-weight: 400;\">A base jur\u00eddica que legitima a transfer\u00eancia dos seus dados pessoais para autoridades ou organiza\u00e7\u00f5es p\u00fablicas \u00e9 o cumprimento da regulamenta\u00e7\u00e3o em vigor.<\/span><\/p>\n<p>\u00a0<\/p>\n<p>\u00a0<\/p>\n<p>\u00a0<\/p>\n<p><\/p>\t\t\t\t\t\t\t\t<\/div>\n\t\t\t\t<\/div>\n\t\t\t\t<div class=\"elementor-element elementor-element-c02aaab elementor-widget elementor-widget-text-editor\" data-id=\"c02aaab\" data-element_type=\"widget\" data-e-type=\"widget\" id=\"4\" data-widget_type=\"text-editor.default\">\n\t\t\t\t<div class=\"elementor-widget-container\">\n\t\t\t\t\t\t\t\t\t<p><\/p>\n<p><span style=\"font-weight: bold;\">4- PER\u00cdODO DE CONSERVA\u00c7\u00c3O Durante quanto tempo conservaremos os seus dados?<\/span><\/p>\n<p>Os dados pessoais que voc\u00ea nos fornecer ser\u00e3o mantidos pelo tempo necess\u00e1rio para gerenciar as informa\u00e7\u00f5es que voc\u00ea solicitar, bem como para gerenciar os cursos realizados por nossos clientes ou alunos, bem como para o cumprimento de qualquer contrato gerado entre INSTITUTO DE LA DEPENDENCIA e terceiros.\u00a0<\/p>\n<p>Assim que os dados atenderem \u00e0s necessidades para as quais foram coletados, iremos exclu\u00ed-los permanentemente. No entanto, conservaremos os seus dados por mais tempo se necess\u00e1rio para cumprir obriga\u00e7\u00f5es legais. Da mesma forma, pode ser necess\u00e1rio mant\u00ea-los pelo tempo necess\u00e1rio para que expirem as responsabilidades legais decorrentes.<\/p>\n<p>Os dados que voc\u00ea nos fornecer para iniciar um processo de sele\u00e7\u00e3o de pessoal no INSTITUTO DE LA DEPENDENCIA ser\u00e3o mantidos pelo per\u00edodo m\u00e1ximo de um ano. Posteriormente, se voc\u00ea n\u00e3o se inscreveu no INSTITUTO DE LA DEPENDENCIA e n\u00e3o faz parte de um processo seletivo, eles ser\u00e3o exclu\u00eddos e n\u00e3o manteremos c\u00f3pia.<\/p>\n<p>Os dados pessoais dos nossos trabalhadores ser\u00e3o conservados enquanto durar a sua rela\u00e7\u00e3o laboral com o INSTITUTO DE LA DEPENDENCIA e, posteriormente, durante os prazos legalmente estipulados.<\/p>\n<p>\u00a0<\/p>\n<p>\u00a0<\/p>\n<p>\u00a0<\/p>\n<p><\/p>\t\t\t\t\t\t\t\t<\/div>\n\t\t\t\t<\/div>\n\t\t\t\t<div class=\"elementor-element elementor-element-a7f45df elementor-widget elementor-widget-text-editor\" data-id=\"a7f45df\" data-element_type=\"widget\" data-e-type=\"widget\" id=\"5\" data-widget_type=\"text-editor.default\">\n\t\t\t\t<div class=\"elementor-widget-container\">\n\t\t\t\t\t\t\t\t\t<p><\/p>\n<p><span style=\"font-weight: bold;\">5- A QUAIS DESTINAT\u00c1RIOS SER\u00c3O COMUNICADOS OS SEUS DADOS?<\/span><\/p>\n<p>\u00a0<\/p>\n<p>Dentro da nossa organiza\u00e7\u00e3o, os seus dados pessoais ser\u00e3o tratados por pessoal devidamente autorizado e, se necess\u00e1rio ou pr\u00e1tico para cumprir as finalidades acima indicadas, poder\u00e3o ser tratados por terceiros.<\/p>\n<p>\u00a0<\/p>\n<p>As categorias de destinat\u00e1rios a quem os seus dados pessoais poder\u00e3o ser comunicados s\u00e3o as seguintes:<\/p>\n<p>\u00a0<\/p>\n<ol style=\"font-size: 16px; background-color: #ffffff;\">\n<li style=\"font-size: 16px;\" aria-level=\"2\">FORO T\u00c9CNICO DE FORMACI\u00d3N, SL, INSTITUTO LECO DE FORMACI\u00d3N, SL, FORO T\u00c9CNICO DE FORMACI\u00d3N MADRID, SL, empresas do Grupo Foro com as quais se partilha a gest\u00e3o, administra\u00e7\u00e3o e gest\u00e3o, para fins organizacionais, administrativos e de gest\u00e3o.\u00a0\u00a0<\/li>\n<li style=\"font-size: 16px;\" aria-level=\"2\">Terceiros nomeados como processadores de dados, tais como fornecedores de TI, consultores e consultores e outras empresas que prestam servi\u00e7os auxiliares. Em certos casos, poderemos transferir os seus dados para uma empresa tecnol\u00f3gica sediada nos EUA, mas o INSTITUTO DE LA DEPENDENCIA garante a seguran\u00e7a e legalidade destas transmiss\u00f5es porque, em qualquer caso, estas empresas aderiram aos protocolos de aprova\u00e7\u00e3o correspondentes com os regulamentos europeus. de prote\u00e7\u00e3o de dados.<\/li>\n<li style=\"font-size: 16px;\" aria-level=\"2\">Entidades e organiza\u00e7\u00f5es p\u00fablicas, exclusivamente para efeitos de cumprimento das correspondentes obriga\u00e7\u00f5es legais.<\/li>\n<li style=\"font-size: 16px;\" aria-level=\"2\">Outros prestadores para os quais, se for caso disso, os seus dados pessoais poder\u00e3o ser transferidos para institui\u00e7\u00f5es financeiras, prestadores de servi\u00e7os de dete\u00e7\u00e3o de fraude, etc., se for o caso.<\/li>\n<li style=\"font-size: 16px;\" aria-level=\"2\">Empresa de gerenciamento de videovigil\u00e2ncia.<\/li>\n<\/ol>\n<p>Em qualquer caso, todos os terceiros acima mencionados ter\u00e3o assinado previamente o correspondente compromisso de confidencialidade seguindo as nossas instru\u00e7\u00f5es de acordo com a regulamenta\u00e7\u00e3o em vigor em mat\u00e9ria de protec\u00e7\u00e3o de dados pessoais, estar\u00e3o sujeitos ao dever de sigilo profissional ou agir\u00e3o em cumprimento de uma obriga\u00e7\u00e3o legal.<\/p>\n<p>\u00a0<\/p>\n<p>A informa\u00e7\u00e3o que voc\u00ea nos fornecer atrav\u00e9s deste site ser\u00e1 hospedada nos servidores do INSTITUTO DE LA DEPENDENCIA.<\/p>\n<p>\u00a0<\/p>\n<p><\/p>\t\t\t\t\t\t\t\t<\/div>\n\t\t\t\t<\/div>\n\t\t\t\t<div class=\"elementor-element elementor-element-a33bdce elementor-widget elementor-widget-text-editor\" data-id=\"a33bdce\" data-element_type=\"widget\" data-e-type=\"widget\" id=\"6\" data-widget_type=\"text-editor.default\">\n\t\t\t\t<div class=\"elementor-widget-container\">\n\t\t\t\t\t\t\t\t\t<p><\/p>\n<p><span style=\"font-weight: bold;\">6.- QUAIS S\u00c3O OS SEUS DIREITOS QUANDO NOS FORNECE OS SEUS DADOS?<\/span><\/p>\n<p>\u00a0<\/p>\n<p>Se desejar exercer os direitos que lhe s\u00e3o concedidos pela legisla\u00e7\u00e3o de prote\u00e7\u00e3o de dados, envie-nos um email para o seguinte endere\u00e7o\u00a0<a href=\"mailto:privacidad@forotf.com\">privacidad@forotf.com<\/a>\u00a0\u00a0indicando na mat\u00e9ria o direito que pretende exercer e anexando c\u00f3pia do seu documento de identidade nacional ou passaporte.<\/p>\n<p>\u00a0<\/p>\n<p>Os Direitos que a regulamenta\u00e7\u00e3o em vigor reconhece e que, se for caso disso, pode exercer s\u00e3o:\u00a0<\/p>\n<p>Direito de acesso aos dados:\u00a0<\/p>\n<p>\u00a0<\/p>\n<p>Voc\u00ea tem o direito de ser informado pelo INSTITUTO DE LA DEPENDENCIA se seus dados pessoais est\u00e3o ou n\u00e3o sendo processados e, se o processamento for confirmado, ele permitir\u00e1 seu acesso, fornecendo-lhe as seguintes informa\u00e7\u00f5es:<\/p>\n<p>-Os objetivos do tratamento.<\/p>\n<p>-As categorias de dados em quest\u00e3o.<\/p>\n<p>-O prazo ou crit\u00e9rio de conserva\u00e7\u00e3o dos dados.<\/p>\n<p>\u00a0<\/p>\n<p>Direito \u00e0 retifica\u00e7\u00e3o dos dados:\u00a0<\/p>\n<p>\u00a0<\/p>\n<p>Voc\u00ea ter\u00e1 o direito de que o INSTITUTO DE LA DEPENDENCIA retifique seus dados quando estes estiverem imprecisos ou incompletos atrav\u00e9s de uma declara\u00e7\u00e3o corretiva adicional.<\/p>\n<p>\u00a0<\/p>\n<p>Direito \u00e0 elimina\u00e7\u00e3o dos dados:<\/p>\n<p>O interessado ter\u00e1 o direito de que o INSTITUTO DE LA DEPENDENCIA exclua seus dados quando:<\/p>\n<p>-O tratamento \u00e9 il\u00edcito.<\/p>\n<p>-O interessado retirou o seu consentimento.<\/p>\n<p>-Eles n\u00e3o s\u00e3o mais necess\u00e1rios em rela\u00e7\u00e3o aos fins para os quais foram coletados ou processados.<\/p>\n<p>-O interessado exerceu o direito de oposi\u00e7\u00e3o e n\u00e3o prevalecem outros motivos leg\u00edtimos para o tratamento.<\/p>\n<p>-Os dados devem ser eliminados para cumprir uma obriga\u00e7\u00e3o legal do INSTITUTO DE LA DEPENDENCIA.<\/p>\n<p>\u00a0<\/p>\n<p>O interessado n\u00e3o ter\u00e1 direito ao INSTITUTO DE LA DEPENDENCIA de eliminar os seus dados quando o tratamento for necess\u00e1rio:<\/p>\n<p>-Exercer o direito \u00e0 liberdade de express\u00e3o e informa\u00e7\u00e3o.<\/p>\n<p>-Para cumprir uma obriga\u00e7\u00e3o legal do INSTITUTO DE LA DEPENDENCIA.<\/p>\n<p>-Para a formula\u00e7\u00e3o, exerc\u00edcio ou defesa de reclama\u00e7\u00f5es.<\/p>\n<p>-Para interesse p\u00fablico com base na legisla\u00e7\u00e3o em vigor por raz\u00f5es de sa\u00fade p\u00fablica ou para efeitos de investiga\u00e7\u00e3o hist\u00f3rica, estat\u00edstica ou cient\u00edfica.<\/p>\n<p>\u00a0<\/p>\n<p>Direito \u00e0 Portabilidade dos Dados:\u00a0<\/p>\n<p>\u00a0<\/p>\n<p>Voc\u00ea tem o direito de que o INSTITUTO DE LA DEPENDENCIA transmita seus dados a outro respons\u00e1vel pelo tratamento ou ao mesmo interessado, atrav\u00e9s de um formato estruturado de uso comum e de leitura autom\u00e1tica, quando o tratamento for realizado por meios automatizados e for baseado em:<\/p>\n<p>-O consentimento do interessado para fins espec\u00edficos.<\/p>\n<p>-A execu\u00e7\u00e3o de contrato ou pr\u00e9-contrato com o interessado.<\/p>\n<p>\u00a0<\/p>\n<p>O direito \u00e0 portabilidade dos dados n\u00e3o se aplica quando:<\/p>\n<p>-A transmiss\u00e3o \u00e9 tecnicamente imposs\u00edvel.<\/p>\n<p>-Pode afetar negativamente os direitos e liberdades de terceiros.<\/p>\n<p>-O tratamento tem miss\u00e3o de interesse p\u00fablico baseada na legisla\u00e7\u00e3o vigente.<\/p>\n<p>\u00a0<\/p>\n<p>Direito \u00e0 limita\u00e7\u00e3o do tratamento:<\/p>\n<p>\u00a0<\/p>\n<p>O interessado ter\u00e1 o direito de se opor ao tratamento dos seus dados realizado pelo INSTITUTO DE LA DEPENDENCIA por motivos relacionados com a sua situa\u00e7\u00e3o particular, quando o tratamento se basear em:<\/p>\n<p>\u00a0<\/p>\n<p>-Marketing direto.<\/p>\n<p>-Perfil.<\/p>\n<p>-Interesse leg\u00edtimo do respons\u00e1vel ou de terceiros, desde que n\u00e3o prevale\u00e7am os interesses ou direitos e liberdades do interessado, especialmente se for crian\u00e7a.<\/p>\n<p>-Pesquisas hist\u00f3ricas, estat\u00edsticas ou cient\u00edficas, salvo se o tratamento for necess\u00e1rio por motivos de interesse p\u00fablico.<\/p>\n<p>\u00a0<\/p>\n<p>Mesmo que o interessado se oponha ao tratamento dos seus dados, o INSTITUTO DE LA DEPENDENCIA poder\u00e1 continuar a trat\u00e1-los desde que o seu interesse leg\u00edtimo prevale\u00e7a sobre os interesses ou direitos e liberdades do interessado num procedimento judicial que o justifique.<\/p>\n<p>O INSTITUTO DE LA DEPENDENCIA dever\u00e1 informar o interessado do direito de se opor ao tratamento dos seus dados de forma expl\u00edcita, clara e separada de qualquer outra informa\u00e7\u00e3o, no momento da primeira comunica\u00e7\u00e3o.<\/p>\n<p>\u00a0<\/p>\n<p>Direito de oposi\u00e7\u00e3o:<\/p>\n<p>\u00a0<\/p>\n<p>\u00c9 o direito de n\u00e3o realizar o seu tratamento ou de o fazer cessar quando o seu consentimento para o tratamento n\u00e3o for necess\u00e1rio, devido ao concurso de um motivo leg\u00edtimo e fundado, referente \u00e0 sua situa\u00e7\u00e3o pessoal espec\u00edfica, que o justifique. , e desde que a Lei n\u00e3o disponha o contr\u00e1rio.<\/p>\n<p>\u00a0<\/p>\n<p>Direito de n\u00e3o ser submetido a perfis:<\/p>\n<p>\u00a0<\/p>\n<p>O interessado ter\u00e1 o direito de n\u00e3o ser sujeito a perfis cuja finalidade seja a tomada de decis\u00f5es individuais com base no tratamento automatizado de dados e que vise avaliar, analisar ou prever os seguintes aspectos pessoais:<\/p>\n<p>\u00a0<\/p>\n<p>-Desempenho profissional.<\/p>\n<p>-Situa\u00e7\u00e3o econ\u00f4mica.<\/p>\n<p>-Sa\u00fade.<\/p>\n<p>-Prefer\u00eancias ou interesses pessoais.<\/p>\n<p>-Confiabilidade.<\/p>\n<p>-Comportamento.<\/p>\n<p>-Localiza\u00e7\u00e3o ou movimentos da pessoa.<\/p>\n<p>\u00a0<\/p>\n<p>Quando a cria\u00e7\u00e3o de perfil se baseia exclusivamente no processamento automatizado:<\/p>\n<p>\u00a0<\/p>\n<p>-O interessado ter\u00e1 o direito de ser informado se a decis\u00e3o que vier a tomar possa produzir efeitos jur\u00eddicos que o afetem significativamente.<\/p>\n<p>-O interessado ter\u00e1 o direito de obter a interven\u00e7\u00e3o humana do INSTITUTO DE LA DEPENDENCIA, de expressar o seu ponto de vista e de contestar a decis\u00e3o, se o tratamento tiver sido autorizado por:<\/p>\n<p>-O consentimento expl\u00edcito do interessado.<\/p>\n<p>-Um contrato entre o INSTITUTO DE DEPEND\u00caNCIA e o interessado.<\/p>\n<p>\u00a0<\/p>\n<p>N\u00e3o se aplicar\u00e1 ao direito de n\u00e3o estar sujeito \u00e0 defini\u00e7\u00e3o de perfis quando a decis\u00e3o que possa ser tomada em consequ\u00eancia da mesma for autorizada por:<\/p>\n<p>\u00a0<\/p>\n<p>-O consentimento expl\u00edcito do interessado.<\/p>\n<p>-Um contrato entre o INSTITUTO DE DEPEND\u00caNCIA e o interessado.<\/p>\n<p>-Um tratamento baseado na legisla\u00e7\u00e3o vigente.<\/p>\n<p>\u00a0<\/p>\n<p>\u00a0<\/p>\n<p>\u00a0<\/p>\n<p><\/p>\t\t\t\t\t\t\t\t<\/div>\n\t\t\t\t<\/div>\n\t\t\t\t<div class=\"elementor-element elementor-element-abba3e6 elementor-widget elementor-widget-text-editor\" data-id=\"abba3e6\" data-element_type=\"widget\" data-e-type=\"widget\" id=\"7\" data-widget_type=\"text-editor.default\">\n\t\t\t\t<div class=\"elementor-widget-container\">\n\t\t\t\t\t\t\t\t\t<p><\/p>\n<p><span style=\"font-weight: bold;\">7-REIVINDICA\u00c7\u00c3O PERANTE A AUTORIDADE DE CONTROLE:<\/span><\/p>\n<p>\u00a0<\/p>\n<p>Se considerar que o INSTITUTO DE LA DEPENDENCIA violou algum dos seus direitos protegidos pelas normas de prote\u00e7\u00e3o de dados pessoais ou que violou qualquer obriga\u00e7\u00e3o relativa \u00e0 prote\u00e7\u00e3o de Dados Pessoais, tem o direito de apresentar uma reclama\u00e7\u00e3o junto da autoridade de controlo competente. , que na Espanha \u00e9 a Ag\u00eancia Espanhola de Prote\u00e7\u00e3o de Dados localizada na Calle Jorge Juan, 6. 28001 \u2013 Madrid.<\/p>\n<p>Tel. 901 100 099 \u2013 912 663 517<\/p>\n<p>\u00a0<\/p>\n<p>Voc\u00ea tamb\u00e9m pode enviar uma reclama\u00e7\u00e3o eletr\u00f4nica por meio do escrit\u00f3rio eletr\u00f4nico dispon\u00edvel em seu site.\u00a0<a href=\"https:\/\/www.aepd.es\/\" target=\"_blank\" rel=\"noopener noreferrer nofollow\">https:\/\/www.aepd.es<\/a>\u00a0\u00a0<\/p>\n<p>\u00a0<\/p>\n<p>\u00a0<\/p>\n<p>\u00a0<\/p>\n<p><\/p>\t\t\t\t\t\t\t\t<\/div>\n\t\t\t\t<\/div>\n\t\t\t\t<div class=\"elementor-element elementor-element-8c87481 elementor-widget elementor-widget-text-editor\" data-id=\"8c87481\" data-element_type=\"widget\" data-e-type=\"widget\" id=\"8\" data-widget_type=\"text-editor.default\">\n\t\t\t\t<div class=\"elementor-widget-container\">\n\t\t\t\t\t\t\t\t\t<p><\/p>\n<p><span style=\"font-weight: bold;\">8-LEGISLA\u00c7\u00c3O E JURISDI\u00c7\u00c3O<\/span><\/p>\n<p>\u00a0<\/p>\n<p>Esta pol\u00edtica de privacidade \u00e9 regida em todos e cada um dos seus extremos pelo Regulamento (UE) 2016\/679 do Parlamento Europeu e do Conselho, de 27 de abril de 2016, relativo \u00e0 prote\u00e7\u00e3o das pessoas singulares no que diz respeito ao tratamento de dados pessoais e a livre circula\u00e7\u00e3o desses dados.<\/p>\n<p>\u00a0<\/p>\n<p>Rege-se tamb\u00e9m pela Lei Org\u00e2nica 3\/2018, de 5 de dezembro, sobre Prote\u00e7\u00e3o de Dados Pessoais e garantia de direitos digitais. Da mesma forma, o nosso site rege-se pela Lei 34\/2002, de 11 de julho, sobre servi\u00e7os da sociedade da informa\u00e7\u00e3o e com\u00e9rcio eletr\u00f3nico.<\/p>\n<p>\u00a0<\/p>\n<p>Os Utilizadores deste Site est\u00e3o sujeitos \u00e0 legisla\u00e7\u00e3o espanhola e \u00e0 jurisdi\u00e7\u00e3o a que se submetem expressamente, sendo os Tribunais e Tribunais de BARCELONA competentes para resolver todos os conflitos decorrentes ou relacionados com a sua utiliza\u00e7\u00e3o.<\/p>\n<p>\u00a0<\/p>\n<p>\u00a0<\/p>\n<p>\u00a0<\/p>\n<p><\/p>\t\t\t\t\t\t\t\t<\/div>\n\t\t\t\t<\/div>\n\t\t\t\t<div class=\"elementor-element elementor-element-3558971 elementor-widget elementor-widget-text-editor\" data-id=\"3558971\" data-element_type=\"widget\" data-e-type=\"widget\" id=\"9\" data-widget_type=\"text-editor.default\">\n\t\t\t\t<div class=\"elementor-widget-container\">\n\t\t\t\t\t\t\t\t\t<p><\/p>\n<p><span style=\"font-weight: bold;\">9- INFORMA\u00c7\u00d5ES ADICIONAIS\u00a0<\/span><\/p>\n<p>\u00a0<\/p>\n<p><span style=\"font-weight: bold;\">MEDIDAS DE SEGURAN\u00c7A:<\/span><\/p>\n<p>\u00a0<\/p>\n<p>Os dados que voc\u00ea nos fornecer ser\u00e3o tratados de forma confidencial. O INSTITUTO DA DEPEND\u00caNCIA adotou todas as medidas t\u00e9cnicas e organizativas e todos os n\u00edveis de prote\u00e7\u00e3o necess\u00e1rios para garantir a seguran\u00e7a no tratamento dos dados e evitar a sua altera\u00e7\u00e3o, perda, roubo, tratamento ou acesso n\u00e3o autorizado, de acordo com o estado da tecnologia e natureza do dados armazenados. Da mesma forma, tamb\u00e9m \u00e9 garantido que o tratamento e registo em arquivos, programas, sistemas ou equipamentos, instala\u00e7\u00f5es e centros cumprem os requisitos e condi\u00e7\u00f5es de integridade e seguran\u00e7a estabelecidos na regulamenta\u00e7\u00e3o em vigor.<\/p>\n<p>\u00a0<\/p>\n<p><span style=\"font-weight: bold;\">CERTIFICADO SSL (CAMADA DE SOCKETS SEGUROS)<\/span><\/p>\n<p>\u00a0<\/p>\n<p>O CERTIFICADO SSL proporciona autentica\u00e7\u00e3o, privacidade e seguran\u00e7a das informa\u00e7\u00f5es entre o INSTITUTO DE LA DEPENDENCIA e o usu\u00e1rio. O INSTITUTO DE LA DEPENDENCIA possui um certificado de seguran\u00e7a que serve para realizar conex\u00f5es seguras e se estabelece por meio de chaves pr\u00e9-estabelecidas, codificando e decodificando todos os dados enviados at\u00e9 que a conex\u00e3o seja encerrada.<\/p>\n<p><span style=\"font-weight: bold;\">REDES SOCIAIS<\/span><\/p>\n<p>Informamos que o INSTITUTO DE LA DEPENDENCIA poder\u00e1 estar presente nas redes sociais. O tratamento de dados realizado sobre pessoas que se tornem seguidores nas redes sociais (e\/ou realizem qualquer a\u00e7\u00e3o de link ou conex\u00e3o atrav\u00e9s das redes sociais) das p\u00e1ginas oficiais do INSTITUTO DE LA DEPENDENCIA ser\u00e1 regido por esta se\u00e7\u00e3o, bem como por aqueles condi\u00e7\u00f5es de utiliza\u00e7\u00e3o, pol\u00edticas de privacidade e regulamentos de acesso pr\u00f3prios da rede social aplic\u00e1veis em cada caso e previamente aceites pelo utilizador.<\/p>\n<p>O INSTITUTO DE LA DEPENDENCIA tratar\u00e1 os seus dados para efeitos de gerir corretamente a sua presen\u00e7a na rede social, informando sobre atividades, produtos ou servi\u00e7os do fornecedor, bem como para qualquer outra finalidade que a regulamenta\u00e7\u00e3o das Redes Sociais permita.<\/p>\n<p>\u00c9 proibida a publica\u00e7\u00e3o de conte\u00fado:\u00a0<\/p>\n<p>\u2013 Que sejam alegadamente ilegais pela regulamenta\u00e7\u00e3o nacional, comunit\u00e1ria ou internacional ou que realizem atividades alegadamente ilegais ou que violem os princ\u00edpios da boa-f\u00e9.<\/p>\n<p>Que violem os direitos fundamentais das pessoas, faltem cortesia na Internet, incomodem ou possam gerar opini\u00f5es negativas nos nossos usu\u00e1rios ou terceiros e em geral qualquer conte\u00fado que o INSTITUTO DE LA DEPENDENCIA considere impr\u00f3prio.<\/p>\n<p>\u2013 E em geral que contrariem os princ\u00edpios da legalidade, da honestidade, da responsabilidade, da protec\u00e7\u00e3o da dignidade humana, da protec\u00e7\u00e3o dos menores, da protec\u00e7\u00e3o da ordem p\u00fablica, da protec\u00e7\u00e3o da vida privada, da defesa do consumidor e dos direitos de propriedade intelectual e industrial.<\/p>\n<p>Da mesma forma, o INSTITUTO DE LA DEPENDENCIA reserva-se o direito de retirar, sem aviso pr\u00e9vio, do site ou da rede social corporativa os conte\u00fados que sejam considerados inadequados.<\/p>\n<p>Em qualquer caso, se enviar informa\u00e7\u00f5es pessoais atrav\u00e9s da rede social, o INSTITUTO DE LA DEPENDENCIA ficar\u00e1 isento de responsabilidade em rela\u00e7\u00e3o \u00e0s medidas de seguran\u00e7a aplic\u00e1veis a esta plataforma e o utilizador, caso pretenda conhec\u00ea-las, dever\u00e1 consultar as condi\u00e7\u00f5es particulares correspondentes. da rede em quest\u00e3o.<\/p>\n<p>\u00a0<\/p>\n<p><span style=\"font-weight: bold;\">LINGUAGEM<\/span><\/p>\n<p>\u00a0<\/p>\n<p>O idioma aplic\u00e1vel a esta Pol\u00edtica de Privacidade \u00e9 o espanhol. Portanto, em caso de qualquer contradi\u00e7\u00e3o, em qualquer uma das vers\u00f5es disponibilizadas em outros idiomas, prevalecer\u00e1 a vers\u00e3o em espanhol.<\/p>\n<p>\u00a0<\/p>\n<p>\u00a0<\/p>\n<p>\u00a0<\/p>\n<p><\/p>\t\t\t\t\t\t\t\t<\/div>\n\t\t\t\t<\/div>\n\t\t\t\t<div class=\"elementor-element elementor-element-b73c688 elementor-widget elementor-widget-text-editor\" data-id=\"b73c688\" data-element_type=\"widget\" data-e-type=\"widget\" id=\"10\" data-widget_type=\"text-editor.default\">\n\t\t\t\t<div class=\"elementor-widget-container\">\n\t\t\t\t\t\t\t\t\t<p><\/p>\n<p><span style=\"font-weight: bold;\">10-ATUALIZA\u00c7\u00c3O<\/span><\/p>\n<p>\u00a0<\/p>\n<p>Esta Pol\u00edtica de Privacidade foi atualizada pela \u00faltima vez em\u00a0<span style=\"font-weight: bold;\">Fevereiro de 2024<\/span>\u00a0mas pode ser atualizado a qualquer momento. Recomendamos que voc\u00ea o consulte sempre que acessar nossa p\u00e1gina caso ela tenha sido alterada.\u00a0<\/p>\n<p>\u00a0<\/p>\n<p>\u00a0<\/p>\n<p><\/p>\t\t\t\t\t\t\t\t<\/div>\n\t\t\t\t<\/div>\n\t\t\t\t\t<\/div>\n\t\t\t\t<\/div>\n\t\t\t\t<\/div>","protected":false},"excerpt":{"rendered":"<p>1- \u00bfQUI\u00c9N ES EL RESPONSABLE DEL TRATAMIENTO DE SUS DATOS PERSONALES? \u00a0 El responsable del tratamiento de sus datos personales y titular de la p\u00e1gina web https:\/\/www.institutodependencia.edu.es \u00a0es ATENCION INTEGRAL A LA FORMACION SL. Sociedad Mercantil con domicilio social EN C\/ Ferrer del R\u00edo, n\u00ba33 \u2013 28028 Madrid y con CIF B63768279 consta inscrita en [&hellip;]<\/p>\n","protected":false},"author":2,"featured_media":0,"parent":0,"menu_order":0,"comment_status":"closed","ping_status":"closed","template":"","meta":{"_jf_limit_responses":"","footnotes":""},"class_list":["post-5508","page","type-page","status-publish","hentry"],"_links":{"self":[{"href":"https:\/\/institutodependencia.edu.es\/pt\/wp-json\/wp\/v2\/pages\/5508","targetHints":{"allow":["GET"]}}],"collection":[{"href":"https:\/\/institutodependencia.edu.es\/pt\/wp-json\/wp\/v2\/pages"}],"about":[{"href":"https:\/\/institutodependencia.edu.es\/pt\/wp-json\/wp\/v2\/types\/page"}],"author":[{"embeddable":true,"href":"https:\/\/institutodependencia.edu.es\/pt\/wp-json\/wp\/v2\/users\/2"}],"replies":[{"embeddable":true,"href":"https:\/\/institutodependencia.edu.es\/pt\/wp-json\/wp\/v2\/comments?post=5508"}],"version-history":[{"count":19,"href":"https:\/\/institutodependencia.edu.es\/pt\/wp-json\/wp\/v2\/pages\/5508\/revisions"}],"predecessor-version":[{"id":6656,"href":"https:\/\/institutodependencia.edu.es\/pt\/wp-json\/wp\/v2\/pages\/5508\/revisions\/6656"}],"wp:attachment":[{"href":"https:\/\/institutodependencia.edu.es\/pt\/wp-json\/wp\/v2\/media?parent=5508"}],"curies":[{"name":"wp","href":"https:\/\/api.w.org\/{rel}","templated":true}]}}